{"id":76,"date":"2017-10-26T13:38:28","date_gmt":"2017-10-26T13:38:28","guid":{"rendered":"http:\/\/kita-quirl.de\/?page_id=76"},"modified":"2022-05-02T09:01:05","modified_gmt":"2022-05-02T09:01:05","slug":"geschichte-der-kita","status":"publish","type":"page","link":"https:\/\/kita-quirl.de\/?page_id=76","title":{"rendered":"Geschichte der Kita"},"content":{"rendered":"<p><span style=\"font-family: Arial; font-size: large;\"> <b><span style=\"color: #ff8000;\">Die Geschichte der Kita Quirl<\/span><\/b><\/span><\/p>\n<p>&nbsp;<\/p>\n<p><span style=\"font-family: Arial;\">Die Kita Quirl hat eine wechselvolle Geschichte hinter sich.<br \/>\n1898 \u00f6ffnete die erste &#8222;Kleinkinderschule&#8220;.<\/span><\/p>\n<table border=\"0\" width=\"690\">\n<tbody>\n<tr>\n<td colspan=\"2\" valign=\"top\" width=\"1033\" height=\"1\"><span style=\"font-family: Arial;\">Bis heute war der Kindergarten in sechs verschiedenen Domizilen untergebracht.<\/span><\/td>\n<\/tr>\n<tr>\n<td valign=\"top\" width=\"248\" height=\"1\"><span style=\"font-family: Arial;\">\u00a0\u00a0<\/span><\/td>\n<td colspan=\"2\" valign=\"top\" width=\"1033\" height=\"1\"><\/td>\n<\/tr>\n<tr>\n<td colspan=\"3\" valign=\"top\" width=\"1281\" height=\"1\"><span style=\"font-family: Arial; font-size: medium;\"><b><span style=\"color: #008000;\">4.6.1898 <\/span><\/b>Die st\u00e4dtische Schulkommission genehmigt die Errichtung einer Evangelischen Kleinkinderschule.<\/span><span style=\"font-family: Arial; font-size: medium;\"><b><span style=\"color: #008000;\">7.11.1898<\/span><\/b> Er\u00f6ffnung der Evangelischen Kleinkinderschule f\u00fcr Kinder ab 3 Jahren im Parterre des damaligen K\u00fcsterhauses (heute Kleiderschrank, Quirlsberg 5), sie war ge\u00f6ffnet t\u00e4glich au\u00dfer mittwochs von 13 bis 18 Uhr und wurde betreut von Gemeindeschwester Bertha Ramlow.<\/span><\/p>\n<p><span style=\"font-family: Arial; font-size: medium;\"><b><span style=\"color: #008000;\">etwa 1901<\/span><\/b> Die Kleinkinderschule zieht in das Parterre des alten Pfarrhauses (heutiges K\u00fcsterhaus) um.<\/span><\/p>\n<p><span style=\"font-family: Arial; font-size: medium;\"><b><span style=\"color: #008000;\">1914<\/span><\/b> Die Kleinkinderschule zieht in das Fachwerkhaus am Quirlsberg, Wilhelmstra\u00dfe 116a, das zuvor als erstes Schulhaus der Gemeinde genutzt wurde (abgerissen 1973).<\/span><\/p>\n<p><span style=\"font-family: Arial; font-size: medium;\"><b><span style=\"color: #008000;\">1941<\/span><\/b> Beschlagnahme des Kindergartenraums durch die NSV und damit Aufl\u00f6sung des Ev. Kindergartens<\/span><\/p>\n<p><span style=\"font-family: Arial; font-size: medium;\"><b><span style=\"color: #008000;\">Winter 1945<\/span><\/b> Der Ev. Kindergarten wird wiederer\u00f6ffnet.<\/span><\/p>\n<p><span style=\"font-family: Arial; font-size: medium;\"><b><span style=\"color: #008000;\">1947<\/span><\/b> Bau des &#8222;Rehseheims&#8220;. Es ist das erste eigens f\u00fcr den Kindergarten errichtete Geb\u00e4ude. Etwa um 1953 ist erstmals Ganztagsbetreuung in den Chroniken erw\u00e4hnt.<\/span><\/p>\n<p><span style=\"font-family: Arial; font-size: medium;\"><b><span style=\"color: #008000;\">1. Juli 1956<\/span><\/b> Einweihung des neuen Kindergartenbaus auf dem Quirlsberg (sp\u00e4teres Gemeindehaus, heute im Eigentum der <a href=\"http:\/\/www.evk.de\" target=\"_blank\" rel=\"noopener\"><span style=\"color: #ff0000;\">Ev. Krankenhaus GmbH<\/span><\/a>) f\u00fcr 90 Kinder (auch Hortkinder). Die veranschlagten Kosten von 90 000 Mark wurden \u00fcberschritten.<\/span><\/p>\n<p><span style=\"font-family: Arial; font-size: medium;\"><b><span style=\"color: #008000;\">30. 9. 1968<\/span><\/b> Der &#8222;Kindergarten Quirlsberg&#8220; &#8211; mit Kindertagesst\u00e4tten- und Hortpl\u00e4tzen &#8211; bezieht sein heutiges Domizil. Es kostete rund 400 000 Mark.<\/span><\/p>\n<p><span style=\"font-family: Arial; font-size: medium;\"><b><span style=\"color: #008000;\">M\u00e4rz bis Juni 2009<\/span><\/b> Die Kita Quirl wird renoviert und dabei <span lang=\"de\">nun <\/span>auch <span lang=\"de\">neu <\/span>f\u00fcr Kinder <span lang=\"de\">ab 4 Monate ge\u00f6ffnet<\/span>.<br \/>\n<\/span><\/p>\n<p><span style=\"font-family: Arial; font-size: medium;\"><b>Heute<\/b><br \/>\nDas Haus hat sich den modernen Anforderungen f\u00fcr Kita Kinder angepasst, doch ist es im Grunde zu klein geworden.<br \/>\nDas Jahr 2009 hat der Kita Quirl eine Renovierung beschert. <\/span><br \/>\n<span style=\"font-family: Arial; font-size: medium;\">Seit 2018 ist aus der Spielgruppe eine vierte Kindergartengruppe entstanden.<br \/>\n<\/span><\/td>\n<\/tr>\n<\/tbody>\n<\/table>\n","protected":false},"excerpt":{"rendered":"<p>Die Geschichte der Kita Quirl &nbsp; Die Kita Quirl hat eine wechselvolle Geschichte hinter sich. 1898 \u00f6ffnete die erste &#8222;Kleinkinderschule&#8220;. Bis heute war der Kindergarten in sechs verschiedenen Domizilen untergebracht. \u00a0\u00a0 4.6.1898 Die st\u00e4dtische Schulkommission genehmigt die Errichtung einer Evangelischen Kleinkinderschule.7.11.1898 Er\u00f6ffnung der Evangelischen Kleinkinderschule f\u00fcr Kinder ab 3 Jahren im Parterre des damaligen K\u00fcsterhauses &hellip; <a href=\"https:\/\/kita-quirl.de\/?page_id=76\" class=\"more-link\"><span class=\"screen-reader-text\">Geschichte der Kita<\/span> weiterlesen <span class=\"meta-nav\">&rarr;<\/span><\/a><\/p>\n","protected":false},"author":1,"featured_media":0,"parent":0,"menu_order":0,"comment_status":"closed","ping_status":"closed","template":"","meta":{"footnotes":""},"class_list":["post-76","page","type-page","status-publish","hentry"],"_links":{"self":[{"href":"https:\/\/kita-quirl.de\/index.php?rest_route=\/wp\/v2\/pages\/76","targetHints":{"allow":["GET"]}}],"collection":[{"href":"https:\/\/kita-quirl.de\/index.php?rest_route=\/wp\/v2\/pages"}],"about":[{"href":"https:\/\/kita-quirl.de\/index.php?rest_route=\/wp\/v2\/types\/page"}],"author":[{"embeddable":true,"href":"https:\/\/kita-quirl.de\/index.php?rest_route=\/wp\/v2\/users\/1"}],"replies":[{"embeddable":true,"href":"https:\/\/kita-quirl.de\/index.php?rest_route=%2Fwp%2Fv2%2Fcomments&post=76"}],"version-history":[{"count":3,"href":"https:\/\/kita-quirl.de\/index.php?rest_route=\/wp\/v2\/pages\/76\/revisions"}],"predecessor-version":[{"id":223,"href":"https:\/\/kita-quirl.de\/index.php?rest_route=\/wp\/v2\/pages\/76\/revisions\/223"}],"wp:attachment":[{"href":"https:\/\/kita-quirl.de\/index.php?rest_route=%2Fwp%2Fv2%2Fmedia&parent=76"}],"curies":[{"name":"wp","href":"https:\/\/api.w.org\/{rel}","templated":true}]}}