{"id":52,"date":"2017-10-25T18:01:22","date_gmt":"2017-10-25T18:01:22","guid":{"rendered":"http:\/\/kita-quirl.de\/?page_id=52"},"modified":"2025-09-10T14:09:47","modified_gmt":"2025-09-10T14:09:47","slug":"kita-konzept","status":"publish","type":"page","link":"https:\/\/kita-quirl.de\/?page_id=52","title":{"rendered":"Kita Konzept"},"content":{"rendered":"<h2><span style=\"color: #993366;\"><strong>Kita Quirl: <\/strong><b> Haus &amp; Konzept<\/b><\/span><\/h2>\n<h3><a href=\"http:\/\/kita-quirl.de\/wp-content\/uploads\/2024\/08\/Konzept-Gesamt-NEU.odt\">Hier finden Sie unser Konzept <\/a><\/h3>\n<h5><span style=\"font-family: Arial;\"><b><\/b>Willkommen sind alle Kinder.<\/span><span style=\"font-family: Arial;\"> Die Konfession spielt keine Rolle.<br \/>\nDie kulturellen und sozialen Erfahrungen der Kita-Kinder sind daher unterschiedlich.<br \/>\n<\/span><\/h5>\n<p><span style=\"font-family: Arial;\">Die Kita Quirl f\u00f6rdert die Kinder nach den Grunds\u00e4tzen der <span style=\"color: #008000;\"><b>Bildungsf\u00f6rderung<\/b><\/span> f\u00fcr Kinder von 0 bis 10 Jahren des Landes Nordrhein-Westfalen. Das bedeutet gezielte Angebote sowohl f\u00fcr das einzelne Kind als auch f\u00fcr Kleingruppen und die Gesamtgruppe.<\/span><br \/>\n<span style=\"font-family: Arial;\">Das Team m\u00f6chte erreichen, dass sich die Kinder in ihrem eigenen Tempo entwickeln. Das Material- und Raumangebot regt dabei ebenfalls zum Spiel an und f\u00f6rdert so die Selbstbildungspotenziale der Kinder. Es wirkt wie ein &#8222;dritter Erzieher&#8220;.<\/span><\/p>\n<p><span style=\"font-family: Arial;\">Bei all dem kann die Kita Quirl kein Ersatz f\u00fcr die Familie sein, sondern deren Erziehung nur erg\u00e4nzen.<br \/>\nAm Ende der Kindergartenzeit k\u00f6nnen alle Eltern die schriftliche <b><span style=\"color: #008000;\">Bildungsdokumentation<\/span><\/b> ihres Kindes erhalten.<\/span><\/p>\n<p><span style=\"font-family: Arial;\">Wichtig ist es der Kita Quirl, den Kindern eine <b> <span style=\"color: #008000;\">religi\u00f6se Orientierung <\/span><\/b> zu geben. Dabei wird die Beteiligung der Eltern erw\u00fcnscht.<br \/>\nChristliche Feste werden besprochen, vorbereitet und gefeiert. Das Gebet geh\u00f6rt zu den gemeinsamen Mahlzeiten.\u00a0<\/span><\/p>\n<p><span style=\"font-family: Arial;\">Die Kita Quirl versteht sich in Zusammenarbeit mit der Evangelischen Kirchengemeinde als <b><span style=\"color: #008000;\">Familienzentrum<\/span><\/b>. Denn unter ihrem Dach gibt es Angebote f\u00fcr alle Altersgruppen, religi\u00f6se Ausrichtung, sowie kulturelle Angebote und Beratung.<\/span><\/p>\n<p><strong>D<\/strong><span style=\"font-family: Arial;\"><b>as Haus<\/b><br \/>\nDer <b><span style=\"color: #008000;\">Bau<\/span><\/b> stammt von 1968. Er wurde im Fr\u00fchjahr\/Fr\u00fchsommer 2009 aufw\u00e4ndig renoviert. Die Kita-R\u00e4ume haben eine zweite Spielebene. Es gibt ein Atelier und einen Bewegungsraum.<\/span><\/p>\n<p><span style=\"font-family: Arial;\">Beliebt ist das gro\u00dfe <b><span style=\"color: #008000;\">Au\u00dfengel\u00e4nde<\/span><\/b> mit altem Baumbestand, Pflanzbeeten, Schaukel, Rutschbahn, Wasserspielstelle, Kletterger\u00fcst und einer gro\u00dfen asphaltierten Spielfl\u00e4che.<\/span><\/p>\n<p><span style=\"font-family: Arial;\"><b>Das Kita-Team<br \/>\n<\/b>Seit <span lang=\"de\">2012<\/span> ist <a href=\"https:\/\/www.kirche-gl.de\/LeiterinKita.htm\"><span style=\"color: #ff0000;\"> <span lang=\"de\">Jennifer Altenweg<\/span><\/span><\/a> die Leiterin der Einrichtung. Ihr stehen etwa zwanzig<b><span style=\"color: #008000;\">\u00a0Mitarbeiter\/innen<\/span><\/b> zur Seite, wobei alle vier Kita-Gruppen \u00fcber jeweils zwei &#8211; drei Kr\u00e4fte verf\u00fcgen.<br \/>\nRegelm\u00e4\u00dfige Teamsitzungen &amp; Fortbildungen sorgen daf\u00fcr, dass immer wieder neue Ideen die Kita beleben.<br \/>\nZudem steht die Kita Quirl in engem <b><span style=\"color: #008000;\">Kontakt<\/span><\/b> zur Grundschule, zu Beratungsstellen und zum Fr\u00fchf\u00f6rderzentrum. <\/span><\/p>\n<p>&nbsp;<\/p>\n","protected":false},"excerpt":{"rendered":"<p>Kita Quirl: Haus &amp; Konzept Hier finden Sie unser Konzept Willkommen sind alle Kinder. Die Konfession spielt keine Rolle. Die kulturellen und sozialen Erfahrungen der Kita-Kinder sind daher unterschiedlich. Die Kita Quirl f\u00f6rdert die Kinder nach den Grunds\u00e4tzen der Bildungsf\u00f6rderung f\u00fcr Kinder von 0 bis 10 Jahren des Landes Nordrhein-Westfalen. Das bedeutet gezielte Angebote sowohl &hellip; <a href=\"https:\/\/kita-quirl.de\/?page_id=52\" class=\"more-link\"><span class=\"screen-reader-text\">Kita Konzept<\/span> weiterlesen <span class=\"meta-nav\">&rarr;<\/span><\/a><\/p>\n","protected":false},"author":1,"featured_media":0,"parent":0,"menu_order":0,"comment_status":"closed","ping_status":"closed","template":"","meta":{"footnotes":""},"class_list":["post-52","page","type-page","status-publish","hentry"],"_links":{"self":[{"href":"https:\/\/kita-quirl.de\/index.php?rest_route=\/wp\/v2\/pages\/52","targetHints":{"allow":["GET"]}}],"collection":[{"href":"https:\/\/kita-quirl.de\/index.php?rest_route=\/wp\/v2\/pages"}],"about":[{"href":"https:\/\/kita-quirl.de\/index.php?rest_route=\/wp\/v2\/types\/page"}],"author":[{"embeddable":true,"href":"https:\/\/kita-quirl.de\/index.php?rest_route=\/wp\/v2\/users\/1"}],"replies":[{"embeddable":true,"href":"https:\/\/kita-quirl.de\/index.php?rest_route=%2Fwp%2Fv2%2Fcomments&post=52"}],"version-history":[{"count":18,"href":"https:\/\/kita-quirl.de\/index.php?rest_route=\/wp\/v2\/pages\/52\/revisions"}],"predecessor-version":[{"id":284,"href":"https:\/\/kita-quirl.de\/index.php?rest_route=\/wp\/v2\/pages\/52\/revisions\/284"}],"wp:attachment":[{"href":"https:\/\/kita-quirl.de\/index.php?rest_route=%2Fwp%2Fv2%2Fmedia&parent=52"}],"curies":[{"name":"wp","href":"https:\/\/api.w.org\/{rel}","templated":true}]}}